{"id":218483,"date":"2024-03-06T01:50:32","date_gmt":"2024-03-06T00:50:32","guid":{"rendered":"https:\/\/fundacionexe.org.co\/document\/joint-circular-16-of-2018-of-the-ministry-of-national-education-men-and-the-special-administrative-unit-of-migration-colombia\/"},"modified":"2024-03-06T01:50:32","modified_gmt":"2024-03-06T00:50:32","slug":"joint-circular-16-of-2018-of-the-ministry-of-national-education-men-and-the-special-administrative-unit-of-migration-colombia","status":"publish","type":"dlp_document","link":"https:\/\/fundacionexe.org.co\/en\/document\/joint-circular-16-of-2018-of-the-ministry-of-national-education-men-and-the-special-administrative-unit-of-migration-colombia\/","title":{"rendered":"Joint Circular 16 of 2018 of the Ministry of National Education (MEN) and the Special Administrative Unit of Migration Colombia"},"content":{"rendered":"<p>Joint Circular 16 of 2018 is an instruction to guarantee the fundamental right to education of children from Venezuela regardless of their immigration status. In addition, it guides educational establishments to carry out the registration process for Venezuelan students who do not have documentation.<\/p>\n","protected":false},"excerpt":{"rendered":"<p>Joint Circular 16 of 2018 is an instruction to guarantee the fundamental right to education of children from Venezuela regardless of their immigration status. In addition, it guides educational establishments to carry out the registration process for Venezuelan students who&#8230;<\/p>\n","protected":false},"author":1,"featured_media":0,"comment_status":"open","ping_status":"closed","template":"","meta":[],"doc_categories":[808],"doc_tags":[817,811,810,812,815],"doc_author":[239],"file_type":[241],"class_list":["post-218483","dlp_document","type-dlp_document","status-publish","hentry","doc_categories-regulatory-management-en","doc_tags-circulars-or-concepts","doc_tags-educacion-para-poblaciones-en","doc_tags-enfoque-de-inclusion-y-equidad-en","doc_tags-poblacion-migrante-en","doc_tags-policies","doc_author-ministerio-de-educacion-nacional","file_type-html"],"download_url":false,"file_size":"","filename":false,"download_count":"","version_history":[],"yoast_head":"<!-- This site is optimized with the Yoast SEO plugin v27.4 - https:\/\/yoast.com\/product\/yoast-seo-wordpress\/ -->\n<title>Joint Circular 16 of 2018 of the Ministry of National Education (MEN) and the Special Administrative Unit of Migration Colombia - Fundaci\u00f3n Empresarios por la Educaci\u00f3n FExE<\/title>\n<meta name=\"robots\" content=\"index, follow, max-snippet:-1, max-image-preview:large, max-video-preview:-1\" \/>\n<link rel=\"canonical\" href=\"https:\/\/fundacionexe.org.co\/en\/document\/joint-circular-16-of-2018-of-the-ministry-of-national-education-men-and-the-special-administrative-unit-of-migration-colombia\/\" \/>\n<meta property=\"og:locale\" content=\"en_US\" \/>\n<meta property=\"og:type\" content=\"article\" \/>\n<meta property=\"og:title\" content=\"Joint Circular 16 of 2018 of the Ministry of National Education (MEN) and the Special Administrative Unit of Migration Colombia - Fundaci\u00f3n Empresarios por la Educaci\u00f3n FExE\" \/>\n<meta property=\"og:description\" content=\"Joint Circular 16 of 2018 is an instruction to guarantee the fundamental right to education of children from Venezuela regardless of their immigration status. In addition, it guides educational establishments to carry out the registration process for Venezuelan students who...\" \/>\n<meta property=\"og:url\" content=\"https:\/\/fundacionexe.org.co\/en\/document\/joint-circular-16-of-2018-of-the-ministry-of-national-education-men-and-the-special-administrative-unit-of-migration-colombia\/\" \/>\n<meta property=\"og:site_name\" content=\"Fundaci\u00f3n Empresarios por la Educaci\u00f3n FExE\" \/>\n<meta name=\"twitter:card\" content=\"summary_large_image\" \/>\n<script type=\"application\/ld+json\" class=\"yoast-schema-graph\">{\"@context\":\"https:\\\/\\\/schema.org\",\"@graph\":[{\"@type\":\"WebPage\",\"@id\":\"https:\\\/\\\/fundacionexe.org.co\\\/en\\\/document\\\/joint-circular-16-of-2018-of-the-ministry-of-national-education-men-and-the-special-administrative-unit-of-migration-colombia\\\/\",\"url\":\"https:\\\/\\\/fundacionexe.org.co\\\/en\\\/document\\\/joint-circular-16-of-2018-of-the-ministry-of-national-education-men-and-the-special-administrative-unit-of-migration-colombia\\\/\",\"name\":\"Joint Circular 16 of 2018 of the Ministry of National Education (MEN) and the Special Administrative Unit of Migration Colombia - Fundaci\u00f3n Empresarios por la Educaci\u00f3n FExE\",\"isPartOf\":{\"@id\":\"https:\\\/\\\/fundacionexe.org.co\\\/en\\\/#website\"},\"datePublished\":\"2024-03-06T00:50:32+00:00\",\"breadcrumb\":{\"@id\":\"https:\\\/\\\/fundacionexe.org.co\\\/en\\\/document\\\/joint-circular-16-of-2018-of-the-ministry-of-national-education-men-and-the-special-administrative-unit-of-migration-colombia\\\/#breadcrumb\"},\"inLanguage\":\"en-US\",\"potentialAction\":[{\"@type\":\"ReadAction\",\"target\":[\"https:\\\/\\\/fundacionexe.org.co\\\/en\\\/document\\\/joint-circular-16-of-2018-of-the-ministry-of-national-education-men-and-the-special-administrative-unit-of-migration-colombia\\\/\"]}]},{\"@type\":\"BreadcrumbList\",\"@id\":\"https:\\\/\\\/fundacionexe.org.co\\\/en\\\/document\\\/joint-circular-16-of-2018-of-the-ministry-of-national-education-men-and-the-special-administrative-unit-of-migration-colombia\\\/#breadcrumb\",\"itemListElement\":[{\"@type\":\"ListItem\",\"position\":1,\"name\":\"Portada\",\"item\":\"https:\\\/\\\/fundacionexe.org.co\\\/en\\\/\"},{\"@type\":\"ListItem\",\"position\":2,\"name\":\"Joint Circular 16 of 2018 of the Ministry of National Education (MEN) and the Special Administrative Unit of Migration Colombia\"}]},{\"@type\":\"WebSite\",\"@id\":\"https:\\\/\\\/fundacionexe.org.co\\\/en\\\/#website\",\"url\":\"https:\\\/\\\/fundacionexe.org.co\\\/en\\\/\",\"name\":\"Fundaci\u00f3n Empresarios por la Educaci\u00f3n FExE\",\"description\":\"Red de conocimiento independiente. Sumamos con informaci\u00f3n y evidencia para que Colombia d\u00e9 un salto en educaci\u00f3n de calidad.\",\"potentialAction\":[{\"@type\":\"SearchAction\",\"target\":{\"@type\":\"EntryPoint\",\"urlTemplate\":\"https:\\\/\\\/fundacionexe.org.co\\\/en\\\/?s={search_term_string}\"},\"query-input\":{\"@type\":\"PropertyValueSpecification\",\"valueRequired\":true,\"valueName\":\"search_term_string\"}}],\"inLanguage\":\"en-US\"}]}<\/script>\n<!-- \/ Yoast SEO plugin. -->","yoast_head_json":{"title":"Joint Circular 16 of 2018 of the Ministry of National Education (MEN) and the Special Administrative Unit of Migration Colombia - Fundaci\u00f3n Empresarios por la Educaci\u00f3n FExE","robots":{"index":"index","follow":"follow","max-snippet":"max-snippet:-1","max-image-preview":"max-image-preview:large","max-video-preview":"max-video-preview:-1"},"canonical":"https:\/\/fundacionexe.org.co\/en\/document\/joint-circular-16-of-2018-of-the-ministry-of-national-education-men-and-the-special-administrative-unit-of-migration-colombia\/","og_locale":"en_US","og_type":"article","og_title":"Joint Circular 16 of 2018 of the Ministry of National Education (MEN) and the Special Administrative Unit of Migration Colombia - Fundaci\u00f3n Empresarios por la Educaci\u00f3n FExE","og_description":"Joint Circular 16 of 2018 is an instruction to guarantee the fundamental right to education of children from Venezuela regardless of their immigration status. In addition, it guides educational establishments to carry out the registration process for Venezuelan students who...","og_url":"https:\/\/fundacionexe.org.co\/en\/document\/joint-circular-16-of-2018-of-the-ministry-of-national-education-men-and-the-special-administrative-unit-of-migration-colombia\/","og_site_name":"Fundaci\u00f3n Empresarios por la Educaci\u00f3n FExE","twitter_card":"summary_large_image","schema":{"@context":"https:\/\/schema.org","@graph":[{"@type":"WebPage","@id":"https:\/\/fundacionexe.org.co\/en\/document\/joint-circular-16-of-2018-of-the-ministry-of-national-education-men-and-the-special-administrative-unit-of-migration-colombia\/","url":"https:\/\/fundacionexe.org.co\/en\/document\/joint-circular-16-of-2018-of-the-ministry-of-national-education-men-and-the-special-administrative-unit-of-migration-colombia\/","name":"Joint Circular 16 of 2018 of the Ministry of National Education (MEN) and the Special Administrative Unit of Migration Colombia - Fundaci\u00f3n Empresarios por la Educaci\u00f3n FExE","isPartOf":{"@id":"https:\/\/fundacionexe.org.co\/en\/#website"},"datePublished":"2024-03-06T00:50:32+00:00","breadcrumb":{"@id":"https:\/\/fundacionexe.org.co\/en\/document\/joint-circular-16-of-2018-of-the-ministry-of-national-education-men-and-the-special-administrative-unit-of-migration-colombia\/#breadcrumb"},"inLanguage":"en-US","potentialAction":[{"@type":"ReadAction","target":["https:\/\/fundacionexe.org.co\/en\/document\/joint-circular-16-of-2018-of-the-ministry-of-national-education-men-and-the-special-administrative-unit-of-migration-colombia\/"]}]},{"@type":"BreadcrumbList","@id":"https:\/\/fundacionexe.org.co\/en\/document\/joint-circular-16-of-2018-of-the-ministry-of-national-education-men-and-the-special-administrative-unit-of-migration-colombia\/#breadcrumb","itemListElement":[{"@type":"ListItem","position":1,"name":"Portada","item":"https:\/\/fundacionexe.org.co\/en\/"},{"@type":"ListItem","position":2,"name":"Joint Circular 16 of 2018 of the Ministry of National Education (MEN) and the Special Administrative Unit of Migration Colombia"}]},{"@type":"WebSite","@id":"https:\/\/fundacionexe.org.co\/en\/#website","url":"https:\/\/fundacionexe.org.co\/en\/","name":"Fundaci\u00f3n Empresarios por la Educaci\u00f3n FExE","description":"Red de conocimiento independiente. Sumamos con informaci\u00f3n y evidencia para que Colombia d\u00e9 un salto en educaci\u00f3n de calidad.","potentialAction":[{"@type":"SearchAction","target":{"@type":"EntryPoint","urlTemplate":"https:\/\/fundacionexe.org.co\/en\/?s={search_term_string}"},"query-input":{"@type":"PropertyValueSpecification","valueRequired":true,"valueName":"search_term_string"}}],"inLanguage":"en-US"}]}},"_links":{"self":[{"href":"https:\/\/fundacionexe.org.co\/en\/wp-json\/wp\/v2\/dlp_document\/218483","targetHints":{"allow":["GET"]}}],"collection":[{"href":"https:\/\/fundacionexe.org.co\/en\/wp-json\/wp\/v2\/dlp_document"}],"about":[{"href":"https:\/\/fundacionexe.org.co\/en\/wp-json\/wp\/v2\/types\/dlp_document"}],"author":[{"embeddable":true,"href":"https:\/\/fundacionexe.org.co\/en\/wp-json\/wp\/v2\/users\/1"}],"replies":[{"embeddable":true,"href":"https:\/\/fundacionexe.org.co\/en\/wp-json\/wp\/v2\/comments?post=218483"}],"wp:attachment":[{"href":"https:\/\/fundacionexe.org.co\/en\/wp-json\/wp\/v2\/media?parent=218483"}],"wp:term":[{"taxonomy":"doc_categories","embeddable":true,"href":"https:\/\/fundacionexe.org.co\/en\/wp-json\/wp\/v2\/doc_categories?post=218483"},{"taxonomy":"doc_tags","embeddable":true,"href":"https:\/\/fundacionexe.org.co\/en\/wp-json\/wp\/v2\/doc_tags?post=218483"},{"taxonomy":"doc_author","embeddable":true,"href":"https:\/\/fundacionexe.org.co\/en\/wp-json\/wp\/v2\/doc_author?post=218483"},{"taxonomy":"file_type","embeddable":true,"href":"https:\/\/fundacionexe.org.co\/en\/wp-json\/wp\/v2\/file_type?post=218483"}],"curies":[{"name":"wp","href":"https:\/\/api.w.org\/{rel}","templated":true}]}}