{"id":224022,"date":"2024-11-15T14:58:44","date_gmt":"2024-11-15T13:58:44","guid":{"rendered":"https:\/\/fundacionexe.org.co\/document\/opinion-survey-educationteachers-and-school-administrators-presentation\/"},"modified":"2024-11-15T14:58:44","modified_gmt":"2024-11-15T13:58:44","slug":"opinion-survey-educationteachers-and-school-administrators-presentation","status":"publish","type":"dlp_document","link":"https:\/\/fundacionexe.org.co\/en\/document\/opinion-survey-educationteachers-and-school-administrators-presentation\/","title":{"rendered":"Opinion Survey Education<br>Teachers and School Administrators. Presentation"},"content":{"rendered":"<h5 class=\"pix-highlighted-items \" data-anim-type=\"\" data-anim-delay=\"0\"><span id=\"el1613521949772-0c712dee-cf78-0\" class=\"\"><span class=\"pix-highlighted-text pix-highlight-item font-weight-normal body-font text-heading-default\">The Fundaci\u00f3n Empresarios por la Educaci\u00f3n, in partnership with INVAMER and with the support of Fundaci\u00f3n SURA, Jacobs Foundation, and Fundaci\u00f3n Grupo Bancolombia, presents the results of the Education Opinion Survey conducted in the second half of 2024, targeting public sector teachers and school administrators.<\/span><\/span><\/h5>\n","protected":false},"excerpt":{"rendered":"<p>The Fundaci\u00f3n Empresarios por la Educaci\u00f3n, in partnership with INVAMER and with the support of Fundaci\u00f3n SURA, Jacobs Foundation, and Fundaci\u00f3n Grupo Bancolombia, presents the results of the Education Opinion Survey conducted in the second half of 2024, targeting public&#8230;<\/p>\n","protected":false},"author":884,"featured_media":222657,"comment_status":"open","ping_status":"closed","template":"","meta":[],"doc_categories":[2124,1519,1871,2125,2122,845,1847,1982,2002,1872,1846,1764,1894,1927,2123,1848],"doc_tags":[877,1506,1849,2127,2126,2060,2128,867,1767,2129],"doc_author":[342,1502],"file_type":[136],"class_list":["post-224022","dlp_document","type-dlp_document","status-publish","has-post-thumbnail","hentry","doc_categories-academic-areas","doc_categories-access","doc_categories-basic-education","doc_categories-citizenship-competencies-and-school-coexistence","doc_categories-education-for-leadership","doc_categories-education-in-emergency","doc_categories-education-opinion-survey","doc_categories-forums-and-events","doc_categories-ict-skills-in-teachers","doc_categories-primary-and-secondary-education","doc_categories-quality-strengthening-of-basic-competencies","doc_categories-reports","doc_categories-research-and-knowledge-management","doc_categories-school-administrators","doc_categories-school-environment","doc_categories-teachers","doc_tags-colombia-en","doc_tags-education","doc_tags-education-opinion-survey","doc_tags-eoe-en","doc_tags-perception","doc_tags-school-administrators-en","doc_tags-school-administrators-en-2","doc_tags-survey","doc_tags-teachers","doc_tags-teachers-perception","doc_author-fundacion-empresarios-por-la-educacion","doc_author-invamer","file_type-pdf"],"download_url":false,"file_size":"","filename":false,"download_count":"","version_history":[],"yoast_head":"<!-- This site is optimized with the Yoast SEO plugin v27.5 - https:\/\/yoast.com\/product\/yoast-seo-wordpress\/ -->\n<title>Opinion Survey EducationTeachers and School Administrators. Presentation - Fundaci\u00f3n Empresarios por la Educaci\u00f3n FExE<\/title>\n<meta name=\"robots\" content=\"index, follow, max-snippet:-1, max-image-preview:large, max-video-preview:-1\" \/>\n<link rel=\"canonical\" href=\"https:\/\/fundacionexe.org.co\/en\/document\/opinion-survey-educationteachers-and-school-administrators-presentation\/\" \/>\n<meta property=\"og:locale\" content=\"en_US\" \/>\n<meta property=\"og:type\" content=\"article\" \/>\n<meta property=\"og:title\" content=\"Opinion Survey EducationTeachers and School Administrators. Presentation - Fundaci\u00f3n Empresarios por la Educaci\u00f3n FExE\" \/>\n<meta property=\"og:description\" content=\"The Fundaci\u00f3n Empresarios por la Educaci\u00f3n, in partnership with INVAMER and with the support of Fundaci\u00f3n SURA, Jacobs Foundation, and Fundaci\u00f3n Grupo Bancolombia, presents the results of the Education Opinion Survey conducted in the second half of 2024, targeting public...\" \/>\n<meta property=\"og:url\" content=\"https:\/\/fundacionexe.org.co\/en\/document\/opinion-survey-educationteachers-and-school-administrators-presentation\/\" \/>\n<meta property=\"og:site_name\" content=\"Fundaci\u00f3n Empresarios por la Educaci\u00f3n FExE\" \/>\n<meta property=\"og:image\" content=\"https:\/\/fundacionexe.org.co\/wp-content\/uploads\/2024\/11\/portada-c-100.jpg\" \/>\n\t<meta property=\"og:image:width\" content=\"400\" \/>\n\t<meta property=\"og:image:height\" content=\"492\" \/>\n\t<meta property=\"og:image:type\" content=\"image\/jpeg\" \/>\n<meta name=\"twitter:card\" content=\"summary_large_image\" \/>\n<script type=\"application\/ld+json\" class=\"yoast-schema-graph\">{\"@context\":\"https:\\\/\\\/schema.org\",\"@graph\":[{\"@type\":\"WebPage\",\"@id\":\"https:\\\/\\\/fundacionexe.org.co\\\/en\\\/document\\\/opinion-survey-educationteachers-and-school-administrators-presentation\\\/\",\"url\":\"https:\\\/\\\/fundacionexe.org.co\\\/en\\\/document\\\/opinion-survey-educationteachers-and-school-administrators-presentation\\\/\",\"name\":\"Opinion Survey Education Teachers and School Administrators. Presentation - Fundaci\u00f3n Empresarios por la Educaci\u00f3n FExE\",\"isPartOf\":{\"@id\":\"https:\\\/\\\/fundacionexe.org.co\\\/en\\\/#website\"},\"primaryImageOfPage\":{\"@id\":\"https:\\\/\\\/fundacionexe.org.co\\\/en\\\/document\\\/opinion-survey-educationteachers-and-school-administrators-presentation\\\/#primaryimage\"},\"image\":{\"@id\":\"https:\\\/\\\/fundacionexe.org.co\\\/en\\\/document\\\/opinion-survey-educationteachers-and-school-administrators-presentation\\\/#primaryimage\"},\"thumbnailUrl\":\"https:\\\/\\\/fundacionexe.org.co\\\/wp-content\\\/uploads\\\/2024\\\/11\\\/portada-c-100.jpg\",\"datePublished\":\"2024-11-15T13:58:44+00:00\",\"breadcrumb\":{\"@id\":\"https:\\\/\\\/fundacionexe.org.co\\\/en\\\/document\\\/opinion-survey-educationteachers-and-school-administrators-presentation\\\/#breadcrumb\"},\"inLanguage\":\"en-US\",\"potentialAction\":[{\"@type\":\"ReadAction\",\"target\":[\"https:\\\/\\\/fundacionexe.org.co\\\/en\\\/document\\\/opinion-survey-educationteachers-and-school-administrators-presentation\\\/\"]}]},{\"@type\":\"ImageObject\",\"inLanguage\":\"en-US\",\"@id\":\"https:\\\/\\\/fundacionexe.org.co\\\/en\\\/document\\\/opinion-survey-educationteachers-and-school-administrators-presentation\\\/#primaryimage\",\"url\":\"https:\\\/\\\/fundacionexe.org.co\\\/wp-content\\\/uploads\\\/2024\\\/11\\\/portada-c-100.jpg\",\"contentUrl\":\"https:\\\/\\\/fundacionexe.org.co\\\/wp-content\\\/uploads\\\/2024\\\/11\\\/portada-c-100.jpg\",\"width\":400,\"height\":492},{\"@type\":\"BreadcrumbList\",\"@id\":\"https:\\\/\\\/fundacionexe.org.co\\\/en\\\/document\\\/opinion-survey-educationteachers-and-school-administrators-presentation\\\/#breadcrumb\",\"itemListElement\":[{\"@type\":\"ListItem\",\"position\":1,\"name\":\"Portada\",\"item\":\"https:\\\/\\\/prod.fundacionexe.org.co\\\/en\\\/\"},{\"@type\":\"ListItem\",\"position\":2,\"name\":\"Opinion Survey EducationTeachers and School Administrators. Presentation\"}]},{\"@type\":\"WebSite\",\"@id\":\"https:\\\/\\\/fundacionexe.org.co\\\/en\\\/#website\",\"url\":\"https:\\\/\\\/fundacionexe.org.co\\\/en\\\/\",\"name\":\"Fundaci\u00f3n Empresarios por la Educaci\u00f3n FExE\",\"description\":\"Red de conocimiento independiente. Sumamos con informaci\u00f3n y evidencia para que Colombia d\u00e9 un salto en educaci\u00f3n de calidad.\",\"potentialAction\":[{\"@type\":\"SearchAction\",\"target\":{\"@type\":\"EntryPoint\",\"urlTemplate\":\"https:\\\/\\\/fundacionexe.org.co\\\/en\\\/?s={search_term_string}\"},\"query-input\":{\"@type\":\"PropertyValueSpecification\",\"valueRequired\":true,\"valueName\":\"search_term_string\"}}],\"inLanguage\":\"en-US\"}]}<\/script>\n<!-- \/ Yoast SEO plugin. -->","yoast_head_json":{"title":"Opinion Survey EducationTeachers and School Administrators. Presentation - Fundaci\u00f3n Empresarios por la Educaci\u00f3n FExE","robots":{"index":"index","follow":"follow","max-snippet":"max-snippet:-1","max-image-preview":"max-image-preview:large","max-video-preview":"max-video-preview:-1"},"canonical":"https:\/\/fundacionexe.org.co\/en\/document\/opinion-survey-educationteachers-and-school-administrators-presentation\/","og_locale":"en_US","og_type":"article","og_title":"Opinion Survey EducationTeachers and School Administrators. Presentation - Fundaci\u00f3n Empresarios por la Educaci\u00f3n FExE","og_description":"The Fundaci\u00f3n Empresarios por la Educaci\u00f3n, in partnership with INVAMER and with the support of Fundaci\u00f3n SURA, Jacobs Foundation, and Fundaci\u00f3n Grupo Bancolombia, presents the results of the Education Opinion Survey conducted in the second half of 2024, targeting public...","og_url":"https:\/\/fundacionexe.org.co\/en\/document\/opinion-survey-educationteachers-and-school-administrators-presentation\/","og_site_name":"Fundaci\u00f3n Empresarios por la Educaci\u00f3n FExE","og_image":[{"width":400,"height":492,"url":"https:\/\/fundacionexe.org.co\/wp-content\/uploads\/2024\/11\/portada-c-100.jpg","type":"image\/jpeg"}],"twitter_card":"summary_large_image","schema":{"@context":"https:\/\/schema.org","@graph":[{"@type":"WebPage","@id":"https:\/\/fundacionexe.org.co\/en\/document\/opinion-survey-educationteachers-and-school-administrators-presentation\/","url":"https:\/\/fundacionexe.org.co\/en\/document\/opinion-survey-educationteachers-and-school-administrators-presentation\/","name":"Opinion Survey Education Teachers and School Administrators. Presentation - Fundaci\u00f3n Empresarios por la Educaci\u00f3n FExE","isPartOf":{"@id":"https:\/\/fundacionexe.org.co\/en\/#website"},"primaryImageOfPage":{"@id":"https:\/\/fundacionexe.org.co\/en\/document\/opinion-survey-educationteachers-and-school-administrators-presentation\/#primaryimage"},"image":{"@id":"https:\/\/fundacionexe.org.co\/en\/document\/opinion-survey-educationteachers-and-school-administrators-presentation\/#primaryimage"},"thumbnailUrl":"https:\/\/fundacionexe.org.co\/wp-content\/uploads\/2024\/11\/portada-c-100.jpg","datePublished":"2024-11-15T13:58:44+00:00","breadcrumb":{"@id":"https:\/\/fundacionexe.org.co\/en\/document\/opinion-survey-educationteachers-and-school-administrators-presentation\/#breadcrumb"},"inLanguage":"en-US","potentialAction":[{"@type":"ReadAction","target":["https:\/\/fundacionexe.org.co\/en\/document\/opinion-survey-educationteachers-and-school-administrators-presentation\/"]}]},{"@type":"ImageObject","inLanguage":"en-US","@id":"https:\/\/fundacionexe.org.co\/en\/document\/opinion-survey-educationteachers-and-school-administrators-presentation\/#primaryimage","url":"https:\/\/fundacionexe.org.co\/wp-content\/uploads\/2024\/11\/portada-c-100.jpg","contentUrl":"https:\/\/fundacionexe.org.co\/wp-content\/uploads\/2024\/11\/portada-c-100.jpg","width":400,"height":492},{"@type":"BreadcrumbList","@id":"https:\/\/fundacionexe.org.co\/en\/document\/opinion-survey-educationteachers-and-school-administrators-presentation\/#breadcrumb","itemListElement":[{"@type":"ListItem","position":1,"name":"Portada","item":"https:\/\/prod.fundacionexe.org.co\/en\/"},{"@type":"ListItem","position":2,"name":"Opinion Survey EducationTeachers and School Administrators. Presentation"}]},{"@type":"WebSite","@id":"https:\/\/fundacionexe.org.co\/en\/#website","url":"https:\/\/fundacionexe.org.co\/en\/","name":"Fundaci\u00f3n Empresarios por la Educaci\u00f3n FExE","description":"Red de conocimiento independiente. Sumamos con informaci\u00f3n y evidencia para que Colombia d\u00e9 un salto en educaci\u00f3n de calidad.","potentialAction":[{"@type":"SearchAction","target":{"@type":"EntryPoint","urlTemplate":"https:\/\/fundacionexe.org.co\/en\/?s={search_term_string}"},"query-input":{"@type":"PropertyValueSpecification","valueRequired":true,"valueName":"search_term_string"}}],"inLanguage":"en-US"}]}},"_links":{"self":[{"href":"https:\/\/fundacionexe.org.co\/en\/wp-json\/wp\/v2\/dlp_document\/224022","targetHints":{"allow":["GET"]}}],"collection":[{"href":"https:\/\/fundacionexe.org.co\/en\/wp-json\/wp\/v2\/dlp_document"}],"about":[{"href":"https:\/\/fundacionexe.org.co\/en\/wp-json\/wp\/v2\/types\/dlp_document"}],"author":[{"embeddable":true,"href":"https:\/\/fundacionexe.org.co\/en\/wp-json\/wp\/v2\/users\/884"}],"replies":[{"embeddable":true,"href":"https:\/\/fundacionexe.org.co\/en\/wp-json\/wp\/v2\/comments?post=224022"}],"wp:featuredmedia":[{"embeddable":true,"href":"https:\/\/fundacionexe.org.co\/en\/wp-json\/wp\/v2\/media\/222657"}],"wp:attachment":[{"href":"https:\/\/fundacionexe.org.co\/en\/wp-json\/wp\/v2\/media?parent=224022"}],"wp:term":[{"taxonomy":"doc_categories","embeddable":true,"href":"https:\/\/fundacionexe.org.co\/en\/wp-json\/wp\/v2\/doc_categories?post=224022"},{"taxonomy":"doc_tags","embeddable":true,"href":"https:\/\/fundacionexe.org.co\/en\/wp-json\/wp\/v2\/doc_tags?post=224022"},{"taxonomy":"doc_author","embeddable":true,"href":"https:\/\/fundacionexe.org.co\/en\/wp-json\/wp\/v2\/doc_author?post=224022"},{"taxonomy":"file_type","embeddable":true,"href":"https:\/\/fundacionexe.org.co\/en\/wp-json\/wp\/v2\/file_type?post=224022"}],"curies":[{"name":"wp","href":"https:\/\/api.w.org\/{rel}","templated":true}]}}